{"id":1074,"date":"2025-08-31T10:42:15","date_gmt":"2025-08-31T10:42:15","guid":{"rendered":"https:\/\/www.smellit.net\/smells\/verbena\/"},"modified":"2025-08-31T11:37:52","modified_gmt":"2025-08-31T11:37:52","slug":"verbena","status":"publish","type":"smells","link":"https:\/\/www.smellit.net\/es\/smells\/verbena\/","title":{"rendered":"Verbena"},"content":{"rendered":"\n<p>La verbena es una planta arom\u00e1tica y medicinal reconocida por su fragancia fresca, c\u00edtrica y ligeramente floral. Su aroma transmite vitalidad y ligereza, siendo muy apreciada tanto en la perfumer\u00eda como en la herbolaria y la cocina.<\/p>\n\n\n\n<h2 class=\"wp-block-heading\">Descripci\u00f3n<\/h2>\n\n\n\n<p>La verbena (<em>Verbena officinalis<\/em>) y la hierba luisa (<em>Aloysia citriodora<\/em>) han sido valoradas desde la Antig\u00fcedad por sus propiedades calmantes y purificadoras. En perfumer\u00eda, la verbena aporta un toque chispeante y luminoso, evocando el verano y el aire limpio. Tambi\u00e9n se utiliza en infusiones digestivas y relajantes, y en cosm\u00e9tica natural por su car\u00e1cter tonificante.<\/p>\n\n\n\n<h2 class=\"wp-block-heading\">Tipo de olor<\/h2>\n\n<p>C\u00edtrico, herbal, floral<\/p>\n\n\n<h2 class=\"wp-block-heading\">Notas olfativas<\/h2>\n\n<ul>\n\t<li><strong>Notas de salida:<\/strong> frescas, c\u00edtricas, con un toque verde<\/li>\n\t<li><strong>Notas de coraz\u00f3n:<\/strong> floral suave, herbal, vivaz<\/li>\n\t<li><strong>Notas de base:<\/strong> ligeras, limpias, con matices verdes persistentes<\/li>\n<\/ul>\n\n\n<h2 class=\"wp-block-heading\">Intensidad del olor<\/h2>\n\n<p>Media<\/p>\n\n\n<h2 class=\"wp-block-heading\">Duraci\u00f3n del olor<\/h2>\n\n<p>1-2 horas<\/p>\n\n\n<h2 class=\"wp-block-heading\">Usos o aplicaciones<\/h2>\n\n<ul>\n\t<li><strong>Aromaterapia:<\/strong> calmante; favorece la relajaci\u00f3n y el descanso<\/li>\n\t<li><strong>Perfumer\u00eda:<\/strong> notas c\u00edtricas frescas en fragancias luminosas y veraniegas<\/li>\n\t<li><strong>Cocina:<\/strong> en postres, infusiones y licores aromatizados<\/li>\n\t<li><strong>Remedios naturales:<\/strong> tisanas digestivas y relajantes<\/li>\n\t<li><strong>Cosm\u00e9tica natural:<\/strong> aceites y cremas tonificantes que revitalizan la piel<\/li>\n<\/ul>\n","protected":false},"excerpt":{"rendered":"<p>La verbena es una planta arom\u00e1tica y medicinal reconocida por su fragancia fresca, c\u00edtrica y ligeramente floral. Su aroma transmite vitalidad y ligereza, siendo muy apreciada tanto en la perfumer\u00eda como en la herbolaria y la cocina.<\/p>\n","protected":false},"author":1,"featured_media":1075,"comment_status":"open","ping_status":"closed","template":"","meta":{"_acf_changed":false,"footnotes":""},"categories":[],"tags":[],"class_list":["post-1074","smells","type-smells","status-publish","has-post-thumbnail","hentry"],"acf":[],"yoast_head":"<!-- This site is optimized with the Yoast SEO plugin v24.9 - https:\/\/yoast.com\/wordpress\/plugins\/seo\/ -->\n<title>Verbena - \u00bfA qu\u00e9 huele la Verbena?<\/title>\n<meta name=\"description\" content=\"La verbena es una planta arom\u00e1tica y medicinal reconocida por su fragancia fresca, c\u00edtrica y ligeramente floral. Su aroma transmite vitalidad y ligereza, siendo muy apreciada tanto en la perfumer\u00eda como en la herbolaria y la cocina.\" \/>\n<meta name=\"robots\" content=\"index, follow, max-snippet:-1, max-image-preview:large, max-video-preview:-1\" \/>\n<link rel=\"canonical\" href=\"https:\/\/www.smellit.net\/es\/smells\/verbena\/\" \/>\n<meta property=\"og:locale\" content=\"es_ES\" \/>\n<meta property=\"og:type\" content=\"article\" \/>\n<meta property=\"og:title\" content=\"Verbena - \u00bfA qu\u00e9 huele la Verbena?\" \/>\n<meta property=\"og:description\" content=\"La verbena es una planta arom\u00e1tica y medicinal reconocida por su fragancia fresca, c\u00edtrica y ligeramente floral. Su aroma transmite vitalidad y ligereza, siendo muy apreciada tanto en la perfumer\u00eda como en la herbolaria y la cocina.\" \/>\n<meta property=\"og:url\" content=\"https:\/\/www.smellit.net\/es\/smells\/verbena\/\" \/>\n<meta property=\"og:site_name\" content=\"Smellit\" \/>\n<meta property=\"article:modified_time\" content=\"2025-08-31T11:37:52+00:00\" \/>\n<meta property=\"og:image\" content=\"https:\/\/www.smellit.net\/wp-content\/uploads\/2025\/08\/lance-verbena-8172525_1280.jpg\" \/>\n\t<meta property=\"og:image:width\" content=\"1280\" \/>\n\t<meta property=\"og:image:height\" content=\"853\" \/>\n\t<meta property=\"og:image:type\" content=\"image\/jpeg\" \/>\n<meta name=\"twitter:card\" content=\"summary_large_image\" \/>\n<meta name=\"twitter:label1\" content=\"Tiempo de lectura\" \/>\n\t<meta name=\"twitter:data1\" content=\"1 minuto\" \/>\n<script type=\"application\/ld+json\" class=\"yoast-schema-graph\">{\"@context\":\"https:\/\/schema.org\",\"@graph\":[{\"@type\":\"WebPage\",\"@id\":\"https:\/\/www.smellit.net\/es\/smells\/verbena\/\",\"url\":\"https:\/\/www.smellit.net\/es\/smells\/verbena\/\",\"name\":\"Verbena - \u00bfA qu\u00e9 huele la Verbena?\",\"isPartOf\":{\"@id\":\"https:\/\/www.smellit.net\/es\/#website\"},\"primaryImageOfPage\":{\"@id\":\"https:\/\/www.smellit.net\/es\/smells\/verbena\/#primaryimage\"},\"image\":{\"@id\":\"https:\/\/www.smellit.net\/es\/smells\/verbena\/#primaryimage\"},\"thumbnailUrl\":\"https:\/\/www.smellit.net\/wp-content\/uploads\/2025\/08\/lance-verbena-8172525_1280.jpg\",\"datePublished\":\"2025-08-31T10:42:15+00:00\",\"dateModified\":\"2025-08-31T11:37:52+00:00\",\"description\":\"La verbena es una planta arom\u00e1tica y medicinal reconocida por su fragancia fresca, c\u00edtrica y ligeramente floral. Su aroma transmite vitalidad y ligereza, siendo muy apreciada tanto en la perfumer\u00eda como en la herbolaria y la cocina.\",\"breadcrumb\":{\"@id\":\"https:\/\/www.smellit.net\/es\/smells\/verbena\/#breadcrumb\"},\"inLanguage\":\"es\",\"potentialAction\":[{\"@type\":\"ReadAction\",\"target\":[\"https:\/\/www.smellit.net\/es\/smells\/verbena\/\"]}]},{\"@type\":\"ImageObject\",\"inLanguage\":\"es\",\"@id\":\"https:\/\/www.smellit.net\/es\/smells\/verbena\/#primaryimage\",\"url\":\"https:\/\/www.smellit.net\/wp-content\/uploads\/2025\/08\/lance-verbena-8172525_1280.jpg\",\"contentUrl\":\"https:\/\/www.smellit.net\/wp-content\/uploads\/2025\/08\/lance-verbena-8172525_1280.jpg\",\"width\":1280,\"height\":853,\"caption\":\"Verbena\"},{\"@type\":\"BreadcrumbList\",\"@id\":\"https:\/\/www.smellit.net\/es\/smells\/verbena\/#breadcrumb\",\"itemListElement\":[{\"@type\":\"ListItem\",\"position\":1,\"name\":\"Home\",\"item\":\"https:\/\/www.smellit.net\/es\/\"},{\"@type\":\"ListItem\",\"position\":2,\"name\":\"Olores\",\"item\":\"https:\/\/www.smellit.net\/es\/smells\/\"},{\"@type\":\"ListItem\",\"position\":3,\"name\":\"Verbena\"}]},{\"@type\":\"WebSite\",\"@id\":\"https:\/\/www.smellit.net\/es\/#website\",\"url\":\"https:\/\/www.smellit.net\/es\/\",\"name\":\"Smellit\",\"description\":\"Tu espacio para descubrir y compartir olores\",\"potentialAction\":[{\"@type\":\"SearchAction\",\"target\":{\"@type\":\"EntryPoint\",\"urlTemplate\":\"https:\/\/www.smellit.net\/es\/?s={search_term_string}\"},\"query-input\":{\"@type\":\"PropertyValueSpecification\",\"valueRequired\":true,\"valueName\":\"search_term_string\"}}],\"inLanguage\":\"es\"}]}<\/script>\n<!-- \/ Yoast SEO plugin. -->","yoast_head_json":{"title":"Verbena - \u00bfA qu\u00e9 huele la Verbena?","description":"La verbena es una planta arom\u00e1tica y medicinal reconocida por su fragancia fresca, c\u00edtrica y ligeramente floral. Su aroma transmite vitalidad y ligereza, siendo muy apreciada tanto en la perfumer\u00eda como en la herbolaria y la cocina.","robots":{"index":"index","follow":"follow","max-snippet":"max-snippet:-1","max-image-preview":"max-image-preview:large","max-video-preview":"max-video-preview:-1"},"canonical":"https:\/\/www.smellit.net\/es\/smells\/verbena\/","og_locale":"es_ES","og_type":"article","og_title":"Verbena - \u00bfA qu\u00e9 huele la Verbena?","og_description":"La verbena es una planta arom\u00e1tica y medicinal reconocida por su fragancia fresca, c\u00edtrica y ligeramente floral. Su aroma transmite vitalidad y ligereza, siendo muy apreciada tanto en la perfumer\u00eda como en la herbolaria y la cocina.","og_url":"https:\/\/www.smellit.net\/es\/smells\/verbena\/","og_site_name":"Smellit","article_modified_time":"2025-08-31T11:37:52+00:00","og_image":[{"width":1280,"height":853,"url":"https:\/\/www.smellit.net\/wp-content\/uploads\/2025\/08\/lance-verbena-8172525_1280.jpg","type":"image\/jpeg"}],"twitter_card":"summary_large_image","twitter_misc":{"Tiempo de lectura":"1 minuto"},"schema":{"@context":"https:\/\/schema.org","@graph":[{"@type":"WebPage","@id":"https:\/\/www.smellit.net\/es\/smells\/verbena\/","url":"https:\/\/www.smellit.net\/es\/smells\/verbena\/","name":"Verbena - \u00bfA qu\u00e9 huele la Verbena?","isPartOf":{"@id":"https:\/\/www.smellit.net\/es\/#website"},"primaryImageOfPage":{"@id":"https:\/\/www.smellit.net\/es\/smells\/verbena\/#primaryimage"},"image":{"@id":"https:\/\/www.smellit.net\/es\/smells\/verbena\/#primaryimage"},"thumbnailUrl":"https:\/\/www.smellit.net\/wp-content\/uploads\/2025\/08\/lance-verbena-8172525_1280.jpg","datePublished":"2025-08-31T10:42:15+00:00","dateModified":"2025-08-31T11:37:52+00:00","description":"La verbena es una planta arom\u00e1tica y medicinal reconocida por su fragancia fresca, c\u00edtrica y ligeramente floral. Su aroma transmite vitalidad y ligereza, siendo muy apreciada tanto en la perfumer\u00eda como en la herbolaria y la cocina.","breadcrumb":{"@id":"https:\/\/www.smellit.net\/es\/smells\/verbena\/#breadcrumb"},"inLanguage":"es","potentialAction":[{"@type":"ReadAction","target":["https:\/\/www.smellit.net\/es\/smells\/verbena\/"]}]},{"@type":"ImageObject","inLanguage":"es","@id":"https:\/\/www.smellit.net\/es\/smells\/verbena\/#primaryimage","url":"https:\/\/www.smellit.net\/wp-content\/uploads\/2025\/08\/lance-verbena-8172525_1280.jpg","contentUrl":"https:\/\/www.smellit.net\/wp-content\/uploads\/2025\/08\/lance-verbena-8172525_1280.jpg","width":1280,"height":853,"caption":"Verbena"},{"@type":"BreadcrumbList","@id":"https:\/\/www.smellit.net\/es\/smells\/verbena\/#breadcrumb","itemListElement":[{"@type":"ListItem","position":1,"name":"Home","item":"https:\/\/www.smellit.net\/es\/"},{"@type":"ListItem","position":2,"name":"Olores","item":"https:\/\/www.smellit.net\/es\/smells\/"},{"@type":"ListItem","position":3,"name":"Verbena"}]},{"@type":"WebSite","@id":"https:\/\/www.smellit.net\/es\/#website","url":"https:\/\/www.smellit.net\/es\/","name":"Smellit","description":"Tu espacio para descubrir y compartir olores","potentialAction":[{"@type":"SearchAction","target":{"@type":"EntryPoint","urlTemplate":"https:\/\/www.smellit.net\/es\/?s={search_term_string}"},"query-input":{"@type":"PropertyValueSpecification","valueRequired":true,"valueName":"search_term_string"}}],"inLanguage":"es"}]}},"_links":{"self":[{"href":"https:\/\/www.smellit.net\/es\/wp-json\/wp\/v2\/smells\/1074","targetHints":{"allow":["GET"]}}],"collection":[{"href":"https:\/\/www.smellit.net\/es\/wp-json\/wp\/v2\/smells"}],"about":[{"href":"https:\/\/www.smellit.net\/es\/wp-json\/wp\/v2\/types\/smells"}],"author":[{"embeddable":true,"href":"https:\/\/www.smellit.net\/es\/wp-json\/wp\/v2\/users\/1"}],"replies":[{"embeddable":true,"href":"https:\/\/www.smellit.net\/es\/wp-json\/wp\/v2\/comments?post=1074"}],"version-history":[{"count":8,"href":"https:\/\/www.smellit.net\/es\/wp-json\/wp\/v2\/smells\/1074\/revisions"}],"predecessor-version":[{"id":1106,"href":"https:\/\/www.smellit.net\/es\/wp-json\/wp\/v2\/smells\/1074\/revisions\/1106"}],"wp:featuredmedia":[{"embeddable":true,"href":"https:\/\/www.smellit.net\/es\/wp-json\/wp\/v2\/media\/1075"}],"wp:attachment":[{"href":"https:\/\/www.smellit.net\/es\/wp-json\/wp\/v2\/media?parent=1074"}],"wp:term":[{"taxonomy":"category","embeddable":true,"href":"https:\/\/www.smellit.net\/es\/wp-json\/wp\/v2\/categories?post=1074"},{"taxonomy":"post_tag","embeddable":true,"href":"https:\/\/www.smellit.net\/es\/wp-json\/wp\/v2\/tags?post=1074"}],"curies":[{"name":"wp","href":"https:\/\/api.w.org\/{rel}","templated":true}]}}